{"id":481,"date":"2025-06-06T16:19:32","date_gmt":"2025-06-06T20:19:32","guid":{"rendered":"https:\/\/www.ebc.gob.bo\/portal\/?page_id=481"},"modified":"2026-03-24T17:16:53","modified_gmt":"2026-03-24T21:16:53","slug":"marco-legal","status":"publish","type":"page","link":"http:\/\/www.ebc.gob.bo\/portal\/index.php\/marco-legal\/","title":{"rendered":"Marco normativo"},"content":{"rendered":"\n<table id=\"tablepress-2\" class=\"tablepress tablepress-id-2\">\n<thead>\n<tr class=\"row-1\">\n\t<th class=\"column-1\">DESCRIPCI\u00d3N<\/th><th class=\"column-2\">ARCHIVO ADJUNTO<\/th>\n<\/tr>\n<\/thead>\n<tbody class=\"row-striping row-hover\">\n<tr class=\"row-2\">\n\t<td class=\"column-1\">Decreto Supremo N\u00ba 1020, 26 de octubre de 2011, Crea la Empresa Estrat\u00e9gica Boliviana de Construcci\u00f3n y Conservaci\u00f3n de Infraestructura Civil, cuya sigla es \u201cEBC\u201d<\/td><td class=\"column-2\"><a href=\"https:\/\/www.ebc.gob.bo\/portal\/wp-content\/uploads\/2023\/05\/DS_1020.pdf\">Ver Anexo<\/a><\/td>\n<\/tr>\n<tr class=\"row-3\">\n\t<td class=\"column-1\">Constituci\u00f3n Politica del Estado<\/td><td class=\"column-2\"><a href=\"http:\/\/www.ebc.gob.bo\/portal\/wp-content\/uploads\/2026\/04\/nueva_constitucion_politica_del_estado.pdf\">Ver Anexo<\/a><\/td>\n<\/tr>\n<tr class=\"row-4\">\n\t<td class=\"column-1\">Ley N\u00b0 2341 de Procedimiento Administrativo<\/td><td class=\"column-2\"><a href=\"http:\/\/www.ebc.gob.bo\/portal\/wp-content\/uploads\/2026\/04\/LEY_2341_PROCEDIMIENTO_ADMINISTRATIVO.pdf\">Ver Anexo<\/a><\/td>\n<\/tr>\n<tr class=\"row-5\">\n\t<td class=\"column-1\">Ley N\u00b0 1178 de Administraci\u00f3n y Control Gubernamental &#8211; SAFCO<\/td><td class=\"column-2\"><a href=\"http:\/\/www.ebc.gob.bo\/portal\/wp-content\/uploads\/2026\/04\/Ley_Nro_1178-de20-de-julio-de-1990.pdf\">Ver Anexo<\/a><\/td>\n<\/tr>\n<tr class=\"row-6\">\n\t<td class=\"column-1\">Ley N\u00b0 2027 del estatuto del Funcionario Publico<\/td><td class=\"column-2\"><a href=\"http:\/\/www.ebc.gob.bo\/portal\/wp-content\/uploads\/2026\/04\/Ley-N\u00b0-2027-ESTATUTO-DEL-FUNCIONARIO-PUBLICO.pdf\">Ver Anexo<\/a><\/td>\n<\/tr>\n<tr class=\"row-7\">\n\t<td class=\"column-1\">Decreto Supremo N\u00b0 26740 &#8211; Reglamento del Estatuto del Funcionario p\u00fablico<\/td><td class=\"column-2\"><a href=\"http:\/\/www.ebc.gob.bo\/portal\/wp-content\/uploads\/2026\/04\/BO-DS-26740.pdf\">Ver Anexo<\/a><\/td>\n<\/tr>\n<tr class=\"row-8\">\n\t<td class=\"column-1\">Decreto Supremo N\u00b0 23318-A &#8211; Reglamento de la responsabilidad por la Funcion publica<\/td><td class=\"column-2\"><a href=\"http:\/\/www.ebc.gob.bo\/portal\/wp-content\/uploads\/2026\/04\/decreto_23318_sp.pdf\">Ver Anexo<\/a><\/td>\n<\/tr>\n<tr class=\"row-9\">\n\t<td class=\"column-1\">Reglamento Espec\u00edfico para la Contrataci\u00f3n de Bienes y Servicios Especializados en el Extranjero<\/td><td class=\"column-2\"><a href=\"http:\/\/www.ebc.gob.bo\/portal\/wp-content\/uploads\/2026\/08\/Reglamento_Contrataciones_Bienes_Servicios_Exterior_EG_2019.pdf\">Ver Anexo<\/a><\/td>\n<\/tr>\n<\/tbody>\n<\/table>\n<!-- #tablepress-2 from cache -->\n\n\n<ol style=\"list-style-type:lower-alpha\" class=\"wp-block-list\"><\/ol>\n\n\n\n<figure class=\"wp-block-image size-large\"><img fetchpriority=\"high\" decoding=\"async\" width=\"726\" height=\"1024\" src=\"https:\/\/www.ebc.gob.bo\/portal\/wp-content\/uploads\/2026\/03\/marco-nor-726x1024.png\" alt=\"\" class=\"wp-image-6102\" srcset=\"http:\/\/www.ebc.gob.bo\/portal\/wp-content\/uploads\/2026\/03\/marco-nor-726x1024.png 726w, http:\/\/www.ebc.gob.bo\/portal\/wp-content\/uploads\/2026\/03\/marco-nor-213x300.png 213w, http:\/\/www.ebc.gob.bo\/portal\/wp-content\/uploads\/2026\/03\/marco-nor-768x1083.png 768w, http:\/\/www.ebc.gob.bo\/portal\/wp-content\/uploads\/2026\/03\/marco-nor.png 1816w\" sizes=\"(max-width: 726px) 100vw, 726px\" \/><\/figure>\n\n\n\n<p class=\"wp-block-paragraph\"><\/p>\n","protected":false},"excerpt":{"rendered":"","protected":false},"author":1,"featured_media":0,"parent":0,"menu_order":0,"comment_status":"closed","ping_status":"closed","template":"","meta":{"colormag_page_layout":"no_sidebar_content_centered","_joinchat":[],"footnotes":""},"class_list":["post-481","page","type-page","status-publish","hentry"],"aioseo_notices":[],"aioseo_head":"\n\t\t<!-- All in One SEO 5.0.1.1 - aioseo.com -->\n\t<meta name=\"robots\" content=\"max-image-preview:large\" \/>\n\t<link rel=\"canonical\" href=\"http:\/\/www.ebc.gob.bo\/portal\/index.php\/marco-legal\/\" \/>\n\t<meta name=\"generator\" content=\"All in One SEO (AIOSEO) 5.0.1.1\" \/>\n\t\t<meta property=\"og:locale\" content=\"es_ES\" \/>\n\t\t<meta property=\"og:site_name\" content=\"EBC - Empresa Estrat\u00e9gica Boliviana de Construcci\u00f3n y Conservaci\u00f3n de Infraestructura Civil\" \/>\n\t\t<meta property=\"og:type\" content=\"article\" \/>\n\t\t<meta property=\"og:title\" content=\"Marco normativo - EBC\" \/>\n\t\t<meta property=\"og:url\" content=\"http:\/\/www.ebc.gob.bo\/portal\/index.php\/marco-legal\/\" \/>\n\t\t<meta property=\"og:image\" content=\"http:\/\/www.ebc.gob.bo\/portal\/wp-content\/uploads\/2026\/05\/Empresa-Estrategica-Boliviana-1.jpg\" \/>\n\t\t<meta property=\"article:published_time\" content=\"2025-06-06T20:19:32+00:00\" \/>\n\t\t<meta property=\"article:modified_time\" content=\"2026-03-24T21:16:53+00:00\" \/>\n\t\t<meta property=\"article:publisher\" content=\"https:\/\/www.facebook.com\/share\/1M1SNLMFT3\/\" \/>\n\t\t<meta name=\"twitter:card\" content=\"summary_large_image\" \/>\n\t\t<meta name=\"twitter:site\" content=\"@bolivia_ebc\" \/>\n\t\t<meta name=\"twitter:title\" content=\"Marco normativo - EBC\" \/>\n\t\t<meta name=\"twitter:creator\" content=\"@bolivia_ebc\" \/>\n\t\t<meta name=\"twitter:image\" content=\"http:\/\/www.ebc.gob.bo\/portal\/wp-content\/uploads\/2026\/05\/Empresa-Estrategica-Boliviana-1.jpg\" \/>\n\t\t<script type=\"application\/ld+json\" class=\"aioseo-schema\">\n\t\t\t{\"@context\":\"https:\\\/\\\/schema.org\",\"@graph\":[{\"@type\":\"BreadcrumbList\",\"@id\":\"http:\\\/\\\/www.ebc.gob.bo\\\/portal\\\/index.php\\\/marco-legal\\\/#breadcrumblist\",\"itemListElement\":[{\"@type\":\"ListItem\",\"@id\":\"http:\\\/\\\/www.ebc.gob.bo\\\/portal#listItem\",\"position\":1,\"name\":\"Inicio\",\"item\":\"http:\\\/\\\/www.ebc.gob.bo\\\/portal\",\"nextItem\":{\"@type\":\"ListItem\",\"@id\":\"http:\\\/\\\/www.ebc.gob.bo\\\/portal\\\/index.php\\\/marco-legal\\\/#listItem\",\"name\":\"Marco normativo\"}},{\"@type\":\"ListItem\",\"@id\":\"http:\\\/\\\/www.ebc.gob.bo\\\/portal\\\/index.php\\\/marco-legal\\\/#listItem\",\"position\":2,\"name\":\"Marco normativo\",\"previousItem\":{\"@type\":\"ListItem\",\"@id\":\"http:\\\/\\\/www.ebc.gob.bo\\\/portal#listItem\",\"name\":\"Inicio\"}}]},{\"@type\":\"Organization\",\"@id\":\"http:\\\/\\\/www.ebc.gob.bo\\\/portal\\\/#organization\",\"name\":\"EBC\",\"description\":\"Empresa Estrat\\u00e9gica Boliviana de Construcci\\u00f3n y Conservaci\\u00f3n de Infraestructura Civil\",\"url\":\"http:\\\/\\\/www.ebc.gob.bo\\\/portal\\\/\",\"logo\":{\"@type\":\"ImageObject\",\"url\":\"http:\\\/\\\/www.ebc.gob.bo\\\/portal\\\/wp-content\\\/uploads\\\/2026\\\/05\\\/Empresa-Estrategica-Boliviana-1.jpg\",\"@id\":\"http:\\\/\\\/www.ebc.gob.bo\\\/portal\\\/index.php\\\/marco-legal\\\/#organizationLogo\",\"width\":1350,\"height\":204},\"image\":{\"@id\":\"http:\\\/\\\/www.ebc.gob.bo\\\/portal\\\/index.php\\\/marco-legal\\\/#organizationLogo\"},\"sameAs\":[\"https:\\\/\\\/www.facebook.com\\\/share\\\/1M1SNLMFT3\\\/\",\"https:\\\/\\\/x.com\\\/bolivia_ebc?t=fbPl6a1W2RVzjPiUoQjL5w&s=09\",\"https:\\\/\\\/www.tiktok.com\\\/@ebc.bolivia?_t=ZM-8yQy3KsZgng&_r=1\"]},{\"@type\":\"WebPage\",\"@id\":\"http:\\\/\\\/www.ebc.gob.bo\\\/portal\\\/index.php\\\/marco-legal\\\/#webpage\",\"url\":\"http:\\\/\\\/www.ebc.gob.bo\\\/portal\\\/index.php\\\/marco-legal\\\/\",\"name\":\"Marco normativo - EBC\",\"inLanguage\":\"es-ES\",\"isPartOf\":{\"@id\":\"http:\\\/\\\/www.ebc.gob.bo\\\/portal\\\/#website\"},\"breadcrumb\":{\"@id\":\"http:\\\/\\\/www.ebc.gob.bo\\\/portal\\\/index.php\\\/marco-legal\\\/#breadcrumblist\"},\"datePublished\":\"2025-06-06T16:19:32-04:00\",\"dateModified\":\"2026-03-24T17:16:53-04:00\"},{\"@type\":\"WebSite\",\"@id\":\"http:\\\/\\\/www.ebc.gob.bo\\\/portal\\\/#website\",\"url\":\"http:\\\/\\\/www.ebc.gob.bo\\\/portal\\\/\",\"name\":\"EBC\",\"description\":\"Empresa Estrat\\u00e9gica Boliviana de Construcci\\u00f3n y Conservaci\\u00f3n de Infraestructura Civil\",\"inLanguage\":\"es-ES\",\"publisher\":{\"@id\":\"http:\\\/\\\/www.ebc.gob.bo\\\/portal\\\/#organization\"}}]}\n\t\t<\/script>\n\t\t<!-- All in One SEO -->\n\n","aioseo_head_json":{"title":"Marco normativo - EBC","description":"","canonical_url":"http:\/\/www.ebc.gob.bo\/portal\/index.php\/marco-legal\/","robots":"max-image-preview:large","keywords":"","webmasterTools":{"miscellaneous":""},"schema":{"@context":"https:\/\/schema.org","@graph":[{"@type":"BreadcrumbList","@id":"http:\/\/www.ebc.gob.bo\/portal\/index.php\/marco-legal\/#breadcrumblist","itemListElement":[{"@type":"ListItem","@id":"http:\/\/www.ebc.gob.bo\/portal#listItem","position":1,"name":"Inicio","item":"http:\/\/www.ebc.gob.bo\/portal","nextItem":{"@type":"ListItem","@id":"http:\/\/www.ebc.gob.bo\/portal\/index.php\/marco-legal\/#listItem","name":"Marco normativo"}},{"@type":"ListItem","@id":"http:\/\/www.ebc.gob.bo\/portal\/index.php\/marco-legal\/#listItem","position":2,"name":"Marco normativo","previousItem":{"@type":"ListItem","@id":"http:\/\/www.ebc.gob.bo\/portal#listItem","name":"Inicio"}}]},{"@type":"Organization","@id":"http:\/\/www.ebc.gob.bo\/portal\/#organization","name":"EBC","description":"Empresa Estrat\u00e9gica Boliviana de Construcci\u00f3n y Conservaci\u00f3n de Infraestructura Civil","url":"http:\/\/www.ebc.gob.bo\/portal\/","logo":{"@type":"ImageObject","url":"http:\/\/www.ebc.gob.bo\/portal\/wp-content\/uploads\/2026\/05\/Empresa-Estrategica-Boliviana-1.jpg","@id":"http:\/\/www.ebc.gob.bo\/portal\/index.php\/marco-legal\/#organizationLogo","width":1350,"height":204},"image":{"@id":"http:\/\/www.ebc.gob.bo\/portal\/index.php\/marco-legal\/#organizationLogo"},"sameAs":["https:\/\/www.facebook.com\/share\/1M1SNLMFT3\/","https:\/\/x.com\/bolivia_ebc?t=fbPl6a1W2RVzjPiUoQjL5w&s=09","https:\/\/www.tiktok.com\/@ebc.bolivia?_t=ZM-8yQy3KsZgng&_r=1"]},{"@type":"WebPage","@id":"http:\/\/www.ebc.gob.bo\/portal\/index.php\/marco-legal\/#webpage","url":"http:\/\/www.ebc.gob.bo\/portal\/index.php\/marco-legal\/","name":"Marco normativo - EBC","inLanguage":"es-ES","isPartOf":{"@id":"http:\/\/www.ebc.gob.bo\/portal\/#website"},"breadcrumb":{"@id":"http:\/\/www.ebc.gob.bo\/portal\/index.php\/marco-legal\/#breadcrumblist"},"datePublished":"2025-06-06T16:19:32-04:00","dateModified":"2026-03-24T17:16:53-04:00"},{"@type":"WebSite","@id":"http:\/\/www.ebc.gob.bo\/portal\/#website","url":"http:\/\/www.ebc.gob.bo\/portal\/","name":"EBC","description":"Empresa Estrat\u00e9gica Boliviana de Construcci\u00f3n y Conservaci\u00f3n de Infraestructura Civil","inLanguage":"es-ES","publisher":{"@id":"http:\/\/www.ebc.gob.bo\/portal\/#organization"}}]},"og:locale":"es_ES","og:site_name":"EBC - Empresa Estrat\u00e9gica Boliviana de Construcci\u00f3n y Conservaci\u00f3n de Infraestructura Civil","og:type":"article","og:title":"Marco normativo - EBC","og:url":"http:\/\/www.ebc.gob.bo\/portal\/index.php\/marco-legal\/","og:image":"http:\/\/www.ebc.gob.bo\/portal\/wp-content\/uploads\/2026\/05\/Empresa-Estrategica-Boliviana-1.jpg","article:published_time":"2025-06-06T20:19:32+00:00","article:modified_time":"2026-03-24T21:16:53+00:00","article:publisher":"https:\/\/www.facebook.com\/share\/1M1SNLMFT3\/","twitter:card":"summary_large_image","twitter:site":"@bolivia_ebc","twitter:title":"Marco normativo - EBC","twitter:creator":"@bolivia_ebc","twitter:image":"http:\/\/www.ebc.gob.bo\/portal\/wp-content\/uploads\/2026\/05\/Empresa-Estrategica-Boliviana-1.jpg"},"aioseo_meta_data":{"post_id":"481","title":null,"description":null,"keywords":null,"keyphrases":{"focus":{"keyphrase":"","score":0,"analysis":{"keyphraseInTitle":{"score":0,"maxScore":9,"error":1}}},"additional":[]},"primary_term":null,"canonical_url":null,"og_title":null,"og_description":null,"og_object_type":"default","og_image_type":"default","og_image_url":null,"og_image_width":null,"og_image_height":null,"og_image_custom_url":null,"og_image_custom_fields":null,"og_video":"","og_custom_url":null,"og_article_section":null,"og_article_tags":null,"twitter_use_og":false,"twitter_card":"default","twitter_image_type":"default","twitter_image_url":null,"twitter_image_custom_url":null,"twitter_image_custom_fields":null,"twitter_title":null,"twitter_description":null,"schema":{"blockGraphs":[],"customGraphs":[],"default":{"data":{"Article":[],"Course":[],"Dataset":[],"FAQPage":[],"Movie":[],"Person":[],"Product":[],"ProductReview":[],"Car":[],"Recipe":[],"Service":[],"SoftwareApplication":[],"WebPage":[]},"graphName":"WebPage","isEnabled":true},"graphs":[]},"schema_type":"default","schema_type_options":null,"pillar_content":false,"robots_default":true,"robots_noindex":false,"robots_noarchive":false,"robots_nosnippet":false,"robots_nofollow":false,"robots_noimageindex":false,"robots_noodp":false,"robots_notranslate":false,"robots_max_snippet":"-1","robots_max_videopreview":"-1","robots_max_imagepreview":"large","priority":null,"frequency":"default","local_seo":null,"breadcrumb_settings":null,"limit_modified_date":false,"ai":null,"created":"2023-09-20 01:34:22","updated":"2026-04-26 07:53:11","focus_keyword":null,"additional_keywords":null,"truseo_locale":null,"seo_analyzer_scan_date":null},"aioseo_breadcrumb":"<div class=\"aioseo-breadcrumbs\"><span class=\"aioseo-breadcrumb\">\n\t\t\t<a href=\"http:\/\/www.ebc.gob.bo\/portal\" title=\"Inicio\">Inicio<\/a>\n\t\t<\/span><span class=\"aioseo-breadcrumb-separator\">&raquo;<\/span><span class=\"aioseo-breadcrumb\">\n\t\t\tMarco normativo\n\t\t<\/span><\/div>","aioseo_breadcrumb_json":[{"label":"Inicio","link":"http:\/\/www.ebc.gob.bo\/portal"},{"label":"Marco normativo","link":"http:\/\/www.ebc.gob.bo\/portal\/index.php\/marco-legal\/"}],"_links":{"self":[{"href":"http:\/\/www.ebc.gob.bo\/portal\/index.php\/wp-json\/wp\/v2\/pages\/481","targetHints":{"allow":["GET"]}}],"collection":[{"href":"http:\/\/www.ebc.gob.bo\/portal\/index.php\/wp-json\/wp\/v2\/pages"}],"about":[{"href":"http:\/\/www.ebc.gob.bo\/portal\/index.php\/wp-json\/wp\/v2\/types\/page"}],"author":[{"embeddable":true,"href":"http:\/\/www.ebc.gob.bo\/portal\/index.php\/wp-json\/wp\/v2\/users\/1"}],"replies":[{"embeddable":true,"href":"http:\/\/www.ebc.gob.bo\/portal\/index.php\/wp-json\/wp\/v2\/comments?post=481"}],"version-history":[{"count":11,"href":"http:\/\/www.ebc.gob.bo\/portal\/index.php\/wp-json\/wp\/v2\/pages\/481\/revisions"}],"predecessor-version":[{"id":6106,"href":"http:\/\/www.ebc.gob.bo\/portal\/index.php\/wp-json\/wp\/v2\/pages\/481\/revisions\/6106"}],"wp:attachment":[{"href":"http:\/\/www.ebc.gob.bo\/portal\/index.php\/wp-json\/wp\/v2\/media?parent=481"}],"curies":[{"name":"wp","href":"https:\/\/api.w.org\/{rel}","templated":true}]}}